{"id":225,"date":"2017-02-06T10:47:20","date_gmt":"2017-02-06T09:47:20","guid":{"rendered":"https:\/\/www.lakecomogreenlands.com\/albavilla\/albavilla-2\/"},"modified":"2022-08-02T15:17:06","modified_gmt":"2022-08-02T13:17:06","slug":"albavilla","status":"publish","type":"page","link":"https:\/\/www.lakecomogreenlands.com\/fr\/albavilla\/","title":{"rendered":"Albavilla"},"content":{"rendered":"<p>[et_pb_section fb_built=\u00a0\u00bb1&Prime; fullwidth=\u00a0\u00bbon\u00a0\u00bb _builder_version=\u00a0\u00bb4.16&Prime; global_colors_info=\u00a0\u00bb{}\u00a0\u00bb][et_pb_fullwidth_slider _builder_version=\u00a0\u00bb4.16&Prime; custom_padding=\u00a0\u00bb|||\u00a0\u00bb custom_padding_tablet=\u00a0\u00bb|||\u00a0\u00bb custom_padding_phone=\u00a0\u00bb|||\u00a0\u00bb box_shadow_style=\u00a0\u00bbpreset6&Prime; box_shadow_blur=\u00a0\u00bb10px\u00a0\u00bb box_shadow_color=\u00a0\u00bbrgba(0,0,0,0.1)\u00a0\u00bb remove_inner_shadow=\u00a0\u00bboff\u00a0\u00bb hide_content_on_mobile=\u00a0\u00bboff\u00a0\u00bb hide_cta_on_mobile=\u00a0\u00bboff\u00a0\u00bb show_inner_shadow=\u00a0\u00bbon\u00a0\u00bb button_letter_spacing_hover=\u00a0\u00bb0&Prime; global_colors_info=\u00a0\u00bb{}\u00a0\u00bb button_text_size__hover_enabled=\u00a0\u00bboff\u00a0\u00bb button_text_size__hover=\u00a0\u00bbnull\u00a0\u00bb button_one_text_size__hover_enabled=\u00a0\u00bboff\u00a0\u00bb button_one_text_size__hover=\u00a0\u00bbnull\u00a0\u00bb button_two_text_size__hover_enabled=\u00a0\u00bboff\u00a0\u00bb button_two_text_size__hover=\u00a0\u00bbnull\u00a0\u00bb button_text_color__hover_enabled=\u00a0\u00bboff\u00a0\u00bb button_text_color__hover=\u00a0\u00bbnull\u00a0\u00bb button_one_text_color__hover_enabled=\u00a0\u00bboff\u00a0\u00bb button_one_text_color__hover=\u00a0\u00bbnull\u00a0\u00bb button_two_text_color__hover_enabled=\u00a0\u00bboff\u00a0\u00bb button_two_text_color__hover=\u00a0\u00bbnull\u00a0\u00bb button_border_width__hover_enabled=\u00a0\u00bboff\u00a0\u00bb button_border_width__hover=\u00a0\u00bbnull\u00a0\u00bb button_one_border_width__hover_enabled=\u00a0\u00bboff\u00a0\u00bb button_one_border_width__hover=\u00a0\u00bbnull\u00a0\u00bb button_two_border_width__hover_enabled=\u00a0\u00bboff\u00a0\u00bb button_two_border_width__hover=\u00a0\u00bbnull\u00a0\u00bb button_border_color__hover_enabled=\u00a0\u00bboff\u00a0\u00bb button_border_color__hover=\u00a0\u00bbnull\u00a0\u00bb button_one_border_color__hover_enabled=\u00a0\u00bboff\u00a0\u00bb button_one_border_color__hover=\u00a0\u00bbnull\u00a0\u00bb button_two_border_color__hover_enabled=\u00a0\u00bboff\u00a0\u00bb button_two_border_color__hover=\u00a0\u00bbnull\u00a0\u00bb button_border_radius__hover_enabled=\u00a0\u00bboff\u00a0\u00bb button_border_radius__hover=\u00a0\u00bbnull\u00a0\u00bb button_one_border_radius__hover_enabled=\u00a0\u00bboff\u00a0\u00bb button_one_border_radius__hover=\u00a0\u00bbnull\u00a0\u00bb button_two_border_radius__hover_enabled=\u00a0\u00bboff\u00a0\u00bb button_two_border_radius__hover=\u00a0\u00bbnull\u00a0\u00bb button_letter_spacing__hover_enabled=\u00a0\u00bbon\u00a0\u00bb button_letter_spacing__hover=\u00a0\u00bb0&Prime; button_one_letter_spacing__hover_enabled=\u00a0\u00bboff\u00a0\u00bb button_one_letter_spacing__hover=\u00a0\u00bbnull\u00a0\u00bb button_two_letter_spacing__hover_enabled=\u00a0\u00bboff\u00a0\u00bb button_two_letter_spacing__hover=\u00a0\u00bbnull\u00a0\u00bb button_bg_color__hover_enabled=\u00a0\u00bboff\u00a0\u00bb button_bg_color__hover=\u00a0\u00bbnull\u00a0\u00bb button_one_bg_color__hover_enabled=\u00a0\u00bboff\u00a0\u00bb button_one_bg_color__hover=\u00a0\u00bbnull\u00a0\u00bb button_two_bg_color__hover_enabled=\u00a0\u00bboff\u00a0\u00bb button_two_bg_color__hover=\u00a0\u00bbnull\u00a0\u00bb][et_pb_slide heading=\u00a0\u00bbAlbavilla\u00a0\u00bb use_bg_overlay=\u00a0\u00bbon\u00a0\u00bb bg_overlay_color=\u00a0\u00bbrgba(0,0,0,0.5)\u00a0\u00bb use_text_overlay=\u00a0\u00bboff\u00a0\u00bb _builder_version=\u00a0\u00bb4.16&Prime; header_font=\u00a0\u00bb|on|||\u00a0\u00bb body_font=\u00a0\u00bb||||\u00a0\u00bb background_color=\u00a0\u00bb#ffffff\u00a0\u00bb background_image=\u00a0\u00bbhttps:\/\/www.lakecomogreenlands.com\/albavilla\/wp-content\/uploads\/sites\/2\/2017\/02\/albavilla-green-land.jpg\u00a0\u00bb button_icon_placement=\u00a0\u00bbright\u00a0\u00bb button_on_hover=\u00a0\u00bbon\u00a0\u00bb global_colors_info=\u00a0\u00bb{}\u00a0\u00bb button_text_size__hover_enabled=\u00a0\u00bboff\u00a0\u00bb button_one_text_size__hover_enabled=\u00a0\u00bboff\u00a0\u00bb button_two_text_size__hover_enabled=\u00a0\u00bboff\u00a0\u00bb button_text_color__hover_enabled=\u00a0\u00bboff\u00a0\u00bb button_one_text_color__hover_enabled=\u00a0\u00bboff\u00a0\u00bb button_two_text_color__hover_enabled=\u00a0\u00bboff\u00a0\u00bb button_border_width__hover_enabled=\u00a0\u00bboff\u00a0\u00bb button_one_border_width__hover_enabled=\u00a0\u00bboff\u00a0\u00bb button_two_border_width__hover_enabled=\u00a0\u00bboff\u00a0\u00bb button_border_color__hover_enabled=\u00a0\u00bboff\u00a0\u00bb button_one_border_color__hover_enabled=\u00a0\u00bboff\u00a0\u00bb button_two_border_color__hover_enabled=\u00a0\u00bboff\u00a0\u00bb button_border_radius__hover_enabled=\u00a0\u00bboff\u00a0\u00bb button_one_border_radius__hover_enabled=\u00a0\u00bboff\u00a0\u00bb button_two_border_radius__hover_enabled=\u00a0\u00bboff\u00a0\u00bb button_letter_spacing__hover_enabled=\u00a0\u00bboff\u00a0\u00bb button_one_letter_spacing__hover_enabled=\u00a0\u00bboff\u00a0\u00bb button_two_letter_spacing__hover_enabled=\u00a0\u00bboff\u00a0\u00bb button_bg_color__hover_enabled=\u00a0\u00bboff\u00a0\u00bb button_one_bg_color__hover_enabled=\u00a0\u00bboff\u00a0\u00bb button_two_bg_color__hover_enabled=\u00a0\u00bboff\u00a0\u00bb sticky_transition=\u00a0\u00bbon\u00a0\u00bb]Green Land[\/et_pb_slide][\/et_pb_fullwidth_slider][\/et_pb_section][et_pb_section fb_built=\u00a0\u00bb1&Prime; _builder_version=\u00a0\u00bb4.16&Prime; global_colors_info=\u00a0\u00bb{}\u00a0\u00bb][et_pb_row _builder_version=\u00a0\u00bb4.16&Prime; background_size=\u00a0\u00bbinitial\u00a0\u00bb background_position=\u00a0\u00bbtop_left\u00a0\u00bb background_repeat=\u00a0\u00bbrepeat\u00a0\u00bb make_fullwidth=\u00a0\u00bboff\u00a0\u00bb use_custom_width=\u00a0\u00bboff\u00a0\u00bb width_unit=\u00a0\u00bboff\u00a0\u00bb custom_width_px=\u00a0\u00bb1080px\u00a0\u00bb custom_width_percent=\u00a0\u00bb80%\u00a0\u00bb global_colors_info=\u00a0\u00bb{}\u00a0\u00bb][et_pb_column type=\u00a0\u00bb4_4&Prime; _builder_version=\u00a0\u00bb4.16&Prime; custom_padding=\u00a0\u00bb|||\u00a0\u00bb global_colors_info=\u00a0\u00bb{}\u00a0\u00bb custom_padding__hover=\u00a0\u00bb|||\u00a0\u00bb][et_pb_text _builder_version=\u00a0\u00bb4.16&Prime; background_size=\u00a0\u00bbinitial\u00a0\u00bb background_position=\u00a0\u00bbtop_left\u00a0\u00bb background_repeat=\u00a0\u00bbrepeat\u00a0\u00bb text_orientation=\u00a0\u00bbcenter\u00a0\u00bb module_alignment=\u00a0\u00bbcenter\u00a0\u00bb use_border_color=\u00a0\u00bboff\u00a0\u00bb global_colors_info=\u00a0\u00bb{}\u00a0\u00bb]<\/p>\n<h2><strong><span style=\"color: #0f9d58\">est une commune italienne d&rsquo;environ 6500 habitants situ\u00e9e dans la province de C\u00f4me dans la r\u00e9gion Lombardie.<\/span><\/strong><\/h2>\n<p>[\/et_pb_text][et_pb_text _builder_version=\u00a0\u00bb4.16&Prime; background_size=\u00a0\u00bbinitial\u00a0\u00bb background_position=\u00a0\u00bbtop_left\u00a0\u00bb background_repeat=\u00a0\u00bbrepeat\u00a0\u00bb text_orientation=\u00a0\u00bbcenter\u00a0\u00bb module_alignment=\u00a0\u00bbcenter\u00a0\u00bb use_border_color=\u00a0\u00bboff\u00a0\u00bb border_color=\u00a0\u00bb#ffffff\u00a0\u00bb border_style=\u00a0\u00bbsolid\u00a0\u00bb global_colors_info=\u00a0\u00bb{}\u00a0\u00bb]<\/p>\n<hr style=\"width: 10em\" \/>[\/et_pb_text][et_pb_text _builder_version=\u00a0\u00bb4.16&Prime; background_size=\u00a0\u00bbinitial\u00a0\u00bb background_position=\u00a0\u00bbtop_left\u00a0\u00bb background_repeat=\u00a0\u00bbrepeat\u00a0\u00bb text_orientation=\u00a0\u00bbcenter\u00a0\u00bb module_alignment=\u00a0\u00bbcenter\u00a0\u00bb use_border_color=\u00a0\u00bboff\u00a0\u00bb global_colors_info=\u00a0\u00bb{}\u00a0\u00bb]Albavilla, de mani\u00e8re similaire \u00e0 tout la Plaine de Erba, conna\u00eet la pr\u00e9sence de l&rsquo;homme \u00e0 partir des temps pr\u00e9historiques, comme attest\u00e9 par les restes trouv\u00e9s dans le Buco del Piombo. Aussi les d\u00e9couvertes qu\u2019on peut ramener \u00e0 la domination romaine, qui comprennent des pi\u00e8ces de monnaie, des utensiles, des vases, des bronzes et des poteries, sont nombreux. Dans le Moyen \u00c2ge, c\u2019est le passage de Barberousse qui marque profond\u00e9ment les lieux. Dans l\u2019hameau de Carcano, en fait, on peut voir les restes du ch\u00e2teau o\u00f9 se sont barricad\u00e9s les soldats en retraite. M\u00eame aujourd\u2019hui restent des traces de la domination napol\u00e9onienne : il suffit de penser \u00e0 l&rsquo;Alpe del Vicer\u00e9, le plateau qui se prolonge depuis les contreforts du mont Bolettone (facilement accessible depuis le village par une route, en voiture aussi), et qui doit son nom \u00e0 Eugenio di Beauharnais, vice-roi d&rsquo;Italie et beau-fils de Napol\u00e9on. Il a toujours \u00e9t\u00e9 une destination de vacances. Le nom de la ville (le mot \u00abvilla\u00bb d\u00e9signe une r\u00e9sidence vacancier) est bien adapt\u00e9 pour identifier la station touristique dans une zone de p\u00e2turages de montagne.<br \/>\nOn ne peut pas oublier la culture populaire, en effet il y a, dans la zone, un vieux dicton \u00ab\u00a0quand al vegn la fous d&rsquo;est\u00e0, la stagion la va a maa.\u00a0\u00bb, qui est reli\u00e9 \u00e0 un \u00e9l\u00e9ment central du territoire Brianza, celle de l&rsquo;eau. Selon ce dicton , la saison ne serait pas favorable si l&rsquo;eau \u00e9tait pass\u00e9e \u00ab\u00a0fous\u00a0\u00bb pendant l&rsquo;\u00e9t\u00e9. Le \u00ab\u00a0fous\u00a0\u00bb (la bouche), situ\u00e9 dans le centre historique, est un vieux lavoir utilis\u00e9e par le nettoyage de la lessive.[\/et_pb_text][\/et_pb_column][\/et_pb_row][\/et_pb_section][et_pb_section fb_built=\u00a0\u00bb1&Prime; fullwidth=\u00a0\u00bbon\u00a0\u00bb disabled_on=\u00a0\u00bboff|off|off\u00a0\u00bb _builder_version=\u00a0\u00bb4.16&Prime; transparent_background=\u00a0\u00bboff\u00a0\u00bb make_fullwidth=\u00a0\u00bboff\u00a0\u00bb use_custom_width=\u00a0\u00bboff\u00a0\u00bb width_unit=\u00a0\u00bboff\u00a0\u00bb global_colors_info=\u00a0\u00bb{}\u00a0\u00bb][et_pb_fullwidth_code admin_label=\u00a0\u00bbMappa Fullwidth\u00a0\u00bb _builder_version=\u00a0\u00bb4.16&Prime; global_colors_info=\u00a0\u00bb{}\u00a0\u00bb]<iframe loading=\"lazy\" src=\"https:\/\/www.google.com\/maps\/embed?pb=!1m18!1m12!1m3!1d22253.134931734312!2d9.172667384164443!3d45.7984021627905!2m3!1f0!2f0!3f0!3m2!1i1024!2i768!4f13.1!3m3!1m2!1s0x47869f799dbc30d1%3A0x6d01491de3e174e5!2s22031+Albavilla+CO!5e0!3m2!1sit!2sit!4v1467637935418\" width=\"100%\" height=\"600\" frameborder=\"0\" allowfullscreen><\/iframe>[\/et_pb_fullwidth_code][\/et_pb_section][et_pb_section fb_built=\u00a0\u00bb1&Prime; _builder_version=\u00a0\u00bb4.16&Prime; transparent_background=\u00a0\u00bboff\u00a0\u00bb make_fullwidth=\u00a0\u00bboff\u00a0\u00bb use_custom_width=\u00a0\u00bboff\u00a0\u00bb width_unit=\u00a0\u00bboff\u00a0\u00bb custom_width_px=\u00a0\u00bb1080px\u00a0\u00bb custom_width_percent=\u00a0\u00bb80%\u00a0\u00bb global_colors_info=\u00a0\u00bb{}\u00a0\u00bb][et_pb_row module_id=\u00a0\u00bbfreetours\u00a0\u00bb _builder_version=\u00a0\u00bb4.16&Prime; background_size=\u00a0\u00bbinitial\u00a0\u00bb background_position=\u00a0\u00bbtop_left\u00a0\u00bb background_repeat=\u00a0\u00bbrepeat\u00a0\u00bb make_fullwidth=\u00a0\u00bboff\u00a0\u00bb use_custom_width=\u00a0\u00bboff\u00a0\u00bb width_unit=\u00a0\u00bbon\u00a0\u00bb custom_width_px=\u00a0\u00bb1080px\u00a0\u00bb custom_width_percent=\u00a0\u00bb80%\u00a0\u00bb global_colors_info=\u00a0\u00bb{}\u00a0\u00bb][et_pb_column type=\u00a0\u00bb4_4&Prime; _builder_version=\u00a0\u00bb4.16&Prime; custom_padding=\u00a0\u00bb|||\u00a0\u00bb global_colors_info=\u00a0\u00bb{}\u00a0\u00bb custom_padding__hover=\u00a0\u00bb|||\u00a0\u00bb][et_pb_text _builder_version=\u00a0\u00bb4.16&Prime; background_size=\u00a0\u00bbinitial\u00a0\u00bb background_position=\u00a0\u00bbtop_left\u00a0\u00bb background_repeat=\u00a0\u00bbrepeat\u00a0\u00bb text_orientation=\u00a0\u00bbcenter\u00a0\u00bb module_alignment=\u00a0\u00bbcenter\u00a0\u00bb use_border_color=\u00a0\u00bboff\u00a0\u00bb global_colors_info=\u00a0\u00bb{}\u00a0\u00bb]<\/p>\n<h2><strong><span style=\"color: #0f9d58\">Lieux d\u2019int\u00e9r\u00eat<\/span><\/strong><\/h2>\n<p>[\/et_pb_text][\/et_pb_column][\/et_pb_row][et_pb_row column_structure=\u00a0\u00bb1_3,1_3,1_3&Prime; disabled_on=\u00a0\u00bboff|off|off\u00a0\u00bb _builder_version=\u00a0\u00bb4.16&Prime; background_size=\u00a0\u00bbinitial\u00a0\u00bb background_position=\u00a0\u00bbtop_left\u00a0\u00bb background_repeat=\u00a0\u00bbrepeat\u00a0\u00bb custom_padding=\u00a0\u00bb0px|0px|27px|0px\u00a0\u00bb global_colors_info=\u00a0\u00bb{}\u00a0\u00bb][et_pb_column type=\u00a0\u00bb1_3&Prime; _builder_version=\u00a0\u00bb4.16&Prime; custom_padding=\u00a0\u00bb|||\u00a0\u00bb global_colors_info=\u00a0\u00bb{}\u00a0\u00bb custom_padding__hover=\u00a0\u00bb|||\u00a0\u00bb][et_pb_blurb title=\u00a0\u00bbPLACE DE CARCANO\u00a0\u00bb image=\u00a0\u00bbhttps:\/\/www.lakecomogreenlands.com\/albavilla\/wp-content\/uploads\/sites\/2\/2017\/02\/albavilla-piazza-carcano.png\u00a0\u00bb admin_label=\u00a0\u00bbBlurb\u00a0\u00bb _builder_version=\u00a0\u00bb4.16&Prime; header_font=\u00a0\u00bb|on|||\u00a0\u00bb header_text_color=\u00a0\u00bb#0f9d58&Prime; background_size=\u00a0\u00bbinitial\u00a0\u00bb background_position=\u00a0\u00bbtop_left\u00a0\u00bb background_repeat=\u00a0\u00bbrepeat\u00a0\u00bb text_orientation=\u00a0\u00bbjustified\u00a0\u00bb custom_css_blurb_title=\u00a0\u00bbtext-align: center;\u00a0\u00bb use_border_color=\u00a0\u00bboff\u00a0\u00bb border_color=\u00a0\u00bb#ffffff\u00a0\u00bb border_style=\u00a0\u00bbsolid\u00a0\u00bb global_colors_info=\u00a0\u00bb{}\u00a0\u00bb]Itin\u00e9raire: situ\u00e9 \u00e0 la limite de rue Don Carlo Belloni, sur la place surgit l\u2019\u00e9glise de Saint Dionigi de o\u00f9 c\u2019est possible admirer un magnifique panorama du lac de Alserio. Le parcours traverse sentiers rurals d\u2019une rare beaut\u00e9, jusqu\u2019\u00e0 toucher l\u2019ancienne \u00e9glise de Santi Cosma e Damiano, qui remonte au XI si\u00e8cle. Dur\u00e9e de la visite : une heure.[\/et_pb_blurb][et_pb_toggle title=\u00a0\u00bbPLACE DE CARCANO\u00a0\u00bb _builder_version=\u00a0\u00bb4.16&Prime; global_colors_info=\u00a0\u00bb{}\u00a0\u00bb]La paroisse de San Dionigi, situ\u00e9 sur la place du village de Carcano Inferiore, est maintenant plong\u00e9 dans une oasis de tranquillit\u00e9 et de paix. Entour\u00e9 d&rsquo;arbres, domine la colline sur laquelle elle se trouve, donnant au visiteur une vue splendide: en regardant la fa\u00e7ade, c\u2019est possible voir le fond du lac Alserio. Lac et paroisse bien que constituent un spectacle unique pour les yeux, semblent se battre pour gagner le c\u0153ur du visiteur. La fa\u00e7ade de la paroisse, en fait, se pose au premier plan, en essayant de se cacher derri\u00e8re le lac qui, par d\u00e9pit, obstrue la vue de l&rsquo;envoi avec les ondulations de l&rsquo;eau. Cette bataille pacifique, \u00e9voque les batailles beaucoup plus violente que ces lieux ont connu dans le pass\u00e9. La paroisse de Saint-Denis et son clocher \u00e9taient en fait \u00e9rig\u00e9 au XIIIe si\u00e8cle sur les ruines de ce ch\u00e2teau jusqu&rsquo;\u00e0 un si\u00e8cle plus tard. A cette \u00e9poque, Barberousse, empereur du Sacr\u00e9 Empire Romain Germanique, \u00e9tait destin\u00e9e \u00e0 la conqu\u00eate de Milan. Prise partie de la Lombardie, l&rsquo;Empereur, a subi la r\u00e9action de Milan, qui a attaqu\u00e9 f\u00e9rocement. Les troupes imp\u00e9riales en fuite d\u00e9cid\u00e8rent de se retirer dans le vieux ch\u00e2teau Carcano, exactement sur la colline o\u00f9 se dresse aujourd&rsquo;hui la paroisse. Le relief bois\u00e9 d\u2019aujourd\u2019hui, \u00e9tait \u00e0 l&rsquo;\u00e9poque un lieu de grande valeur strat\u00e9gique: sur trois c\u00f4t\u00e9s, il \u00e9tait d\u00e9fendu par un rempart naturel qui \u00e9tait inond\u00e9 la plupart de l&rsquo;ann\u00e9e. Les Milanais assieg\u00e8rant le ch\u00e2teau, mais Barbarossa arriva avec des troupes fra\u00eeches \u00e0 la rescousse de ses hommes. Le combat du Ao\u00fbt 9, 1160 \u00e9tait \u00e9norme, et les Milanais \u00e9taient victorieux seulement gr\u00e2ce \u00e0 eux en faveur de Erba. Le ch\u00e2teau fut bient\u00f4t repris, imm\u00e9diatement br\u00fbl\u00e9 et d\u00e9moli. Il est difficile d&rsquo;imaginer, dans le calme aujourd&rsquo;hui, une sc\u00e8ne si sanglante. En se d\u00e9pla\u00e7ant loin de la place et de l\u2019\u00e9cho ancienne de la bataille, vous pouvez marcher dans les rues o\u00f9 se trouvait autrefois le camp de Barberousse. Aujourd&rsquo;hui, la ville de Carcano est un agglom\u00e9r\u00e9 calme de maisons entour\u00e9es par le doux parfum de jasmin couvrant de nombreux coins des vieilles maisons en pierre. En continuant la promenade jusqu\u2019\u00e0 la ville de Corogna, parcourant Via Carcano, se dresse l&rsquo;\u00e9glise des Saints Cosma et Damiano (aussi connu comme l&rsquo;\u00e9glise San Rocco). D&rsquo;origine m\u00e9di\u00e9vale, datant plus pr\u00e9cis\u00e9ment \u00e0 partir du XIe si\u00e8cle, la structure en pierre a \u00e9t\u00e9 reconstruit\u00e9e entre les XIIe et XIVe si\u00e8cles, en particulier dans la fen\u00eatre circulaire plac\u00e9 au-dessus du portail d&rsquo;entr\u00e9e. Le seul \u00e9l\u00e9ment original du XIe si\u00e8cle est le clocher, avec ses deux ou\u00efes et la s\u00e9quence de lancette et fen\u00eatre \u00e0 meneaux de chaque c\u00f4t\u00e9. L&rsquo;int\u00e9rieur dispose d&rsquo;une nef avec une abside semi-circulaire, il contient des fresques du XV et XVI si\u00e8cle, repr\u00e9sentant les saints \u00e0 qui l&rsquo;\u00e9glise est d\u00e9di\u00e9e, et diverses repr\u00e9sentations de la Vierge.[\/et_pb_toggle][et_pb_button button_url=\u00a0\u00bbhttp:\/\/goo.gl\/ePYxQN\u00a0\u00bb url_new_window=\u00a0\u00bbon\u00a0\u00bb button_text=\u00a0\u00bbItin\u00e9raire\u00a0\u00bb button_alignment=\u00a0\u00bbcenter\u00a0\u00bb _builder_version=\u00a0\u00bb4.16&Prime; custom_button=\u00a0\u00bbon\u00a0\u00bb button_text_color=\u00a0\u00bb#ffffff\u00a0\u00bb button_bg_color=\u00a0\u00bb#0f9d58&Prime; button_border_color=\u00a0\u00bb#0f9d58&Prime; custom_css_main_element=\u00a0\u00bbwidth:100%\u00a0\u00bb global_colors_info=\u00a0\u00bb{}\u00a0\u00bb button_text_size__hover_enabled=\u00a0\u00bboff\u00a0\u00bb button_text_size__hover=\u00a0\u00bbnull\u00a0\u00bb button_one_text_size__hover_enabled=\u00a0\u00bboff\u00a0\u00bb button_one_text_size__hover=\u00a0\u00bbnull\u00a0\u00bb button_two_text_size__hover_enabled=\u00a0\u00bboff\u00a0\u00bb button_two_text_size__hover=\u00a0\u00bbnull\u00a0\u00bb button_text_color__hover_enabled=\u00a0\u00bbon\u00a0\u00bb button_text_color__hover=\u00a0\u00bb#ffffff\u00a0\u00bb button_one_text_color__hover_enabled=\u00a0\u00bboff\u00a0\u00bb button_one_text_color__hover=\u00a0\u00bbnull\u00a0\u00bb button_two_text_color__hover_enabled=\u00a0\u00bboff\u00a0\u00bb button_two_text_color__hover=\u00a0\u00bbnull\u00a0\u00bb button_border_width__hover_enabled=\u00a0\u00bboff\u00a0\u00bb button_border_width__hover=\u00a0\u00bbnull\u00a0\u00bb button_one_border_width__hover_enabled=\u00a0\u00bboff\u00a0\u00bb button_one_border_width__hover=\u00a0\u00bbnull\u00a0\u00bb button_two_border_width__hover_enabled=\u00a0\u00bboff\u00a0\u00bb button_two_border_width__hover=\u00a0\u00bbnull\u00a0\u00bb button_border_color__hover_enabled=\u00a0\u00bbon\u00a0\u00bb button_border_color__hover=\u00a0\u00bb#0f9d58&Prime; button_one_border_color__hover_enabled=\u00a0\u00bboff\u00a0\u00bb button_one_border_color__hover=\u00a0\u00bbnull\u00a0\u00bb button_two_border_color__hover_enabled=\u00a0\u00bboff\u00a0\u00bb button_two_border_color__hover=\u00a0\u00bbnull\u00a0\u00bb button_border_radius__hover_enabled=\u00a0\u00bboff\u00a0\u00bb button_border_radius__hover=\u00a0\u00bbnull\u00a0\u00bb button_one_border_radius__hover_enabled=\u00a0\u00bboff\u00a0\u00bb button_one_border_radius__hover=\u00a0\u00bbnull\u00a0\u00bb button_two_border_radius__hover_enabled=\u00a0\u00bboff\u00a0\u00bb button_two_border_radius__hover=\u00a0\u00bbnull\u00a0\u00bb button_letter_spacing__hover_enabled=\u00a0\u00bbon\u00a0\u00bb button_letter_spacing__hover=\u00a0\u00bb0&Prime; button_one_letter_spacing__hover_enabled=\u00a0\u00bboff\u00a0\u00bb button_one_letter_spacing__hover=\u00a0\u00bbnull\u00a0\u00bb button_two_letter_spacing__hover_enabled=\u00a0\u00bboff\u00a0\u00bb button_two_letter_spacing__hover=\u00a0\u00bbnull\u00a0\u00bb button_bg_color__hover_enabled=\u00a0\u00bbon\u00a0\u00bb button_bg_color__hover=\u00a0\u00bb#0f9d58&Prime; button_one_bg_color__hover_enabled=\u00a0\u00bboff\u00a0\u00bb button_one_bg_color__hover=\u00a0\u00bbnull\u00a0\u00bb button_two_bg_color__hover_enabled=\u00a0\u00bboff\u00a0\u00bb button_two_bg_color__hover=\u00a0\u00bbnull\u00a0\u00bb][\/et_pb_button][\/et_pb_column][et_pb_column type=\u00a0\u00bb1_3&Prime; _builder_version=\u00a0\u00bb4.16&Prime; custom_padding=\u00a0\u00bb|||\u00a0\u00bb global_colors_info=\u00a0\u00bb{}\u00a0\u00bb custom_padding__hover=\u00a0\u00bb|||\u00a0\u00bb][et_pb_blurb title=\u00a0\u00bbPARC DE L\u2019ALPE DEL VICER\u00c8\u00a0\u00bb image=\u00a0\u00bbhttps:\/\/www.lakecomogreenlands.com\/albavilla\/wp-content\/uploads\/sites\/2\/2017\/02\/alpe-vicere.png\u00a0\u00bb admin_label=\u00a0\u00bbBlurb\u00a0\u00bb _builder_version=\u00a0\u00bb4.16&Prime; header_font=\u00a0\u00bb|on|||\u00a0\u00bb header_text_color=\u00a0\u00bb#0f9d58&Prime; background_size=\u00a0\u00bbinitial\u00a0\u00bb background_position=\u00a0\u00bbtop_left\u00a0\u00bb background_repeat=\u00a0\u00bbrepeat\u00a0\u00bb text_orientation=\u00a0\u00bbjustified\u00a0\u00bb max_width_tablet=\u00a0\u00bb50px\u00a0\u00bb custom_css_blurb_title=\u00a0\u00bbtext-align: center;\u00a0\u00bb use_border_color=\u00a0\u00bboff\u00a0\u00bb global_colors_info=\u00a0\u00bb{}\u00a0\u00bb]Itin\u00e9raire: de la place centrale de Albavilla, Place Roma, c\u2019est possible atteindre la localit\u00e9 de l\u2019Alpe del Vicer\u00e8 avec son sentiers, en parcourant rue Roscio et rue Partigiana. Un des plus caract\u00e9ristique sentiers c\u2019est celui qui c\u00f4toie la berge du rivage Cosia, caract\u00e9ris\u00e9 par la pr\u00e9sence de cavit\u00e9 profonde et polie de l\u2019\u00e9rosion,  connue comme \u201c Marmitte del Gigante \u201c et de quelques formations rocheuse s\u00e9dimentaire o\u00f9 on peut trouver fossiles d\u2019anciens mollusques marins. Dur\u00e9e de la visite: une heure et demie.[\/et_pb_blurb][et_pb_toggle title=\u00a0\u00bbPARC DE L\u2019ALPE DEL VICER\u00c8\u00a0\u00bb _builder_version=\u00a0\u00bb4.16&Prime; global_colors_info=\u00a0\u00bb{}\u00a0\u00bb]Albavilla est le point de d\u00e9part de nombreuses excursions qui conduisent sur les pentes du mont Bolettone, il y a un chemin adapt\u00e9 aux besoins de chaque personne: tu pourras te promener dans les bois jusqu\u2019\u00e0 l\u2019Alpe del Vicer\u00e9, tu pourras d\u00e9fier les pentes en velo ou les moins aventureux pourront atteindre l&rsquo;Alpe m\u00eame avec la voiture, en utilisant la route pav\u00e9e et un parking. Le conseil pour profiter pleinement de la beaut\u00e9 de la nature est \u00e9videmment celui de marcher dans les sentiers \u00e0 pied, vous n&rsquo;avez pas besoin d&rsquo;\u00eatre des experts en trekking, tout le monde en fait, en prenant son temps et son pas, arrivera \u00e0 l&rsquo;Alpe sans effort. Le plus caract\u00e9ristique des chemins qui m\u00e8nent \u00e0 l&rsquo;Alpe del Vicer\u00e9 c\u2019est le sentier au long du Torrent Cosia. Si chemin est parcouru dans la matin\u00e9e et sans faire beaucoup de bruit, vous pourrez appr\u00e9cier le grand nombre et la vari\u00e9t\u00e9 de la faune qui habite les for\u00eats de la r\u00e9gion: l&rsquo;eau gargouillant couvrira vos pas et il sera facile et excitant regarder l&rsquo;\u00e9veil de la for\u00eat , des \u00e9cureuils qui circulent fr\u00e9n\u00e9tiques dans les brances et les oiseaux qui saluent la nouvelle journ\u00e9e avec leurs chants. En plus des animaux, vous pouvez voir la maniere dont le passage de Cosia a cr\u00e9\u00e9 des formes typiques d\u2019\u00e9rosion appell\u00e9es \u201cMarmitte dei Giganti\u201d ou \u201cBottini\u201d: le tourbillon de sable et de gravier transport\u00e9 par le courant a en fait creus\u00e9 dans le calcaire des cavit\u00e9s profondes et liss\u00e9e que dans les histoires racont\u00e9es aux enfants ont \u00e9taient utilis\u00e9s comme des bols pour les g\u00e9ants qui habitaient la Bolettone. Au-del\u00e0 des caract\u00e9ristiques g\u00e9ologiques, toute la montagne est d&rsquo;une grande importance \u00e0 niveau pal\u00e9ontologique: pour plus d&rsquo;un si\u00e8cle, en fait, se multiplient d\u00e9couvertes de fossiles de mollusques datant de la p\u00e9riode jurassique. Une fois sorti de la for\u00eat, vous arriverez \u00e0 l&rsquo;Alpe del Vicer\u00e9, un plateau situ\u00e9 \u00e0 environ 900m de hauteur. Le plateau nomm\u00e9 d&rsquo;apr\u00e8s Eug\u00e8ne de Beauharnais, beau-fils de Napol\u00e9on et vice-roi du Royaume d&rsquo;Italie, qui en 1810 a construit un grand b\u00e2timent sur quatre c\u00f4t\u00e9s pour ses chevaux bien-aim\u00e9s, qui de Monza port\u00e2t \u00e0 l\u2019Alpe pendant l&rsquo;\u00e9t\u00e9 . Le plateau depuis 1935 a \u00e9galement accueilli un \u00ab\u00a0Camp pour les enfants des Italiens \u00e0 l&rsquo;\u00e9tranger\u00a0\u00bb que dans quelques ann\u00e9es, a \u00e9t\u00e9 transform\u00e9 en une v\u00e9ritable village de ma\u00e7onnage. Utilis\u00e9 comme une garnison militaire pendant la guerre, il a \u00e9t\u00e9 d\u00e9truit par les bombardements anglo-am\u00e9ricaine en &rsquo;45. Aujourd&rsquo;hui, l&rsquo;Alpe del Vicer\u00e9 c\u2019est un lieu id\u00e9al pour se d\u00e9tendre en famille et entre amis, organiser un pique-nique ou plus simplement prendre le soleil couch\u00e9 sur l&rsquo;herbe. Equip\u00e9 de tables, coins barbecue et aussi de vrais restaurants, il est une destination favorite pour le dimanche des sorties pour les familles de la r\u00e9gion. De l\u2019Alpe les sportifs pourront partir pour des visites panoramiques sur les cr\u00eates du Triangle Larian: en effet, ils trouveront des indications pr\u00e9cises pour les chemins menant, par exemple, \u00e0 la Baita Patrizi, le Buco del Piombo ou le Rifugio Bolettone.[\/et_pb_toggle][et_pb_button button_url=\u00a0\u00bbhttp:\/\/goo.gl\/b4rG8x\u00a0\u00bb url_new_window=\u00a0\u00bbon\u00a0\u00bb button_text=\u00a0\u00bbItin\u00e9raire\u00a0\u00bb button_alignment=\u00a0\u00bbcenter\u00a0\u00bb _builder_version=\u00a0\u00bb4.16&Prime; custom_button=\u00a0\u00bbon\u00a0\u00bb button_text_color=\u00a0\u00bb#ffffff\u00a0\u00bb button_bg_color=\u00a0\u00bb#0f9d58&Prime; button_border_color=\u00a0\u00bb#0f9d58&Prime; custom_css_main_element=\u00a0\u00bbwidth:100%\u00a0\u00bb global_colors_info=\u00a0\u00bb{}\u00a0\u00bb button_text_size__hover_enabled=\u00a0\u00bboff\u00a0\u00bb button_text_size__hover=\u00a0\u00bbnull\u00a0\u00bb button_one_text_size__hover_enabled=\u00a0\u00bboff\u00a0\u00bb button_one_text_size__hover=\u00a0\u00bbnull\u00a0\u00bb button_two_text_size__hover_enabled=\u00a0\u00bboff\u00a0\u00bb button_two_text_size__hover=\u00a0\u00bbnull\u00a0\u00bb button_text_color__hover_enabled=\u00a0\u00bbon\u00a0\u00bb button_text_color__hover=\u00a0\u00bb#ffffff\u00a0\u00bb button_one_text_color__hover_enabled=\u00a0\u00bboff\u00a0\u00bb button_one_text_color__hover=\u00a0\u00bbnull\u00a0\u00bb button_two_text_color__hover_enabled=\u00a0\u00bboff\u00a0\u00bb button_two_text_color__hover=\u00a0\u00bbnull\u00a0\u00bb button_border_width__hover_enabled=\u00a0\u00bboff\u00a0\u00bb button_border_width__hover=\u00a0\u00bbnull\u00a0\u00bb button_one_border_width__hover_enabled=\u00a0\u00bboff\u00a0\u00bb button_one_border_width__hover=\u00a0\u00bbnull\u00a0\u00bb button_two_border_width__hover_enabled=\u00a0\u00bboff\u00a0\u00bb button_two_border_width__hover=\u00a0\u00bbnull\u00a0\u00bb button_border_color__hover_enabled=\u00a0\u00bbon\u00a0\u00bb button_border_color__hover=\u00a0\u00bb#0f9d58&Prime; button_one_border_color__hover_enabled=\u00a0\u00bboff\u00a0\u00bb button_one_border_color__hover=\u00a0\u00bbnull\u00a0\u00bb button_two_border_color__hover_enabled=\u00a0\u00bboff\u00a0\u00bb button_two_border_color__hover=\u00a0\u00bbnull\u00a0\u00bb button_border_radius__hover_enabled=\u00a0\u00bboff\u00a0\u00bb button_border_radius__hover=\u00a0\u00bbnull\u00a0\u00bb button_one_border_radius__hover_enabled=\u00a0\u00bboff\u00a0\u00bb button_one_border_radius__hover=\u00a0\u00bbnull\u00a0\u00bb button_two_border_radius__hover_enabled=\u00a0\u00bboff\u00a0\u00bb button_two_border_radius__hover=\u00a0\u00bbnull\u00a0\u00bb button_letter_spacing__hover_enabled=\u00a0\u00bbon\u00a0\u00bb button_letter_spacing__hover=\u00a0\u00bb0&Prime; button_one_letter_spacing__hover_enabled=\u00a0\u00bboff\u00a0\u00bb button_one_letter_spacing__hover=\u00a0\u00bbnull\u00a0\u00bb button_two_letter_spacing__hover_enabled=\u00a0\u00bboff\u00a0\u00bb button_two_letter_spacing__hover=\u00a0\u00bbnull\u00a0\u00bb button_bg_color__hover_enabled=\u00a0\u00bbon\u00a0\u00bb button_bg_color__hover=\u00a0\u00bb#0f9d58&Prime; button_one_bg_color__hover_enabled=\u00a0\u00bboff\u00a0\u00bb button_one_bg_color__hover=\u00a0\u00bbnull\u00a0\u00bb button_two_bg_color__hover_enabled=\u00a0\u00bboff\u00a0\u00bb button_two_bg_color__hover=\u00a0\u00bbnull\u00a0\u00bb][\/et_pb_button][\/et_pb_column][et_pb_column type=\u00a0\u00bb1_3&Prime; _builder_version=\u00a0\u00bb4.16&Prime; custom_padding=\u00a0\u00bb|||\u00a0\u00bb global_colors_info=\u00a0\u00bb{}\u00a0\u00bb custom_padding__hover=\u00a0\u00bb|||\u00a0\u00bb][et_pb_blurb title=\u00a0\u00bbLAVOIR \u00c0 L\u2019EMBOUCHURE DU FLEUVE\u00a0\u00bb image=\u00a0\u00bbhttps:\/\/www.lakecomogreenlands.com\/albavilla\/wp-content\/uploads\/sites\/2\/2017\/02\/lavatoio-foce-1.png\u00a0\u00bb admin_label=\u00a0\u00bbBlurb\u00a0\u00bb _builder_version=\u00a0\u00bb4.16&Prime; header_font=\u00a0\u00bb|on|||\u00a0\u00bb header_text_color=\u00a0\u00bb#0f9d58&Prime; background_size=\u00a0\u00bbinitial\u00a0\u00bb background_position=\u00a0\u00bbtop_left\u00a0\u00bb background_repeat=\u00a0\u00bbrepeat\u00a0\u00bb text_orientation=\u00a0\u00bbjustified\u00a0\u00bb max_width_tablet=\u00a0\u00bb50px\u00a0\u00bb custom_css_blurb_title=\u00a0\u00bbtext-align: center;\u00a0\u00bb use_border_color=\u00a0\u00bboff\u00a0\u00bb global_colors_info=\u00a0\u00bb{}\u00a0\u00bb]Itin\u00e9raire: le parcours commence dans la place centrale de Albavilla, Place Roma, de o\u00f9, au travers de caract\u00e9ristiques sentiers, c\u2019est possible arriver \u00e0 l\u2019Antico Lavatoio della Foce et au parc communal de Villa Giamminola, en rue Cavour 13. Puis, on porsuit au long de rue Ai Crotti et rue Panoramica, de o\u00f9 c\u2019est possible jouir d\u2019un suggestif panorama sur les lacs de Alserio et Pusiano. Enfin, on atteint l\u2019\u00e9glise de Santa Maria di Loreto, qui remonte au XII si\u00e8cle. Dur\u00e9e de la visite: une heure et demie.[\/et_pb_blurb][et_pb_toggle title=\u00a0\u00bbLAVOIR \u00c0 L\u2019EMBOUCHURE DU FLEUVE\u00a0\u00bb _builder_version=\u00a0\u00bb4.16&Prime; global_colors_info=\u00a0\u00bb{}\u00a0\u00bb]Au c\u0153ur des ruelles du centre historique de Albavilla vous pouvez d\u00e9couvrir un lieu qui vous se t\u00e9l\u00e9portera en arri\u00e8re dans le temps de plus d\u2019un si\u00e8cle: le Lavatoio della Foce, connu par la population locale tout simplement comme \u201cL\u2019embouchure\u00a0\u00bb. Se perder dans les rues \u00e9troites, entre les vieilles maisons de pierre et de petites fen\u00eatres en bois marqu\u00e9es par le passage du temps est merveilleux , en plus vous tombez sur un autre aper\u00e7u du pass\u00e9: dans le coin de la rue, il y a, en fait, la vieille lavoir publique en pierre, o\u00f9 coule l\u2019eau glac\u00e9e qui descend du Mont Bolettone. Il est juste s\u2019arr\u00eat pour observer \u00ab\u00a0La Foce\u00a0\u00bb et imaginer les m\u00e9nag\u00e8res de Albavilla bass\u00e9e pour frotter le linge sur la pierre lisse inclin\u00e9e vers le bassin d&rsquo;eau. Depuis le milieu du XIXe si\u00e8cle est n\u00e9e la figure de la blanchisseuse, ainsi que celle de sa famille, frappait sur les maisons des riches pour se faire laisser le linge \u00e0 laver, en \u00e9change de quelques pi\u00e8ces de monnaie ou m\u00eame d\u2019un repas. Il est \u00e9vident que toutes les femmes du peuple dans le pass\u00e9 ont \u00e9t\u00e9 habitu\u00e9es \u00e0 se rencontrer au lavoir public. Leurs voix \u00e9tait la bande son dans les rues de la ville de Albavilla, les plus \u00e2g\u00e9es en train de planter les v\u00eatements mouill\u00e9s, les jeunes gens qui,comme les jeunes d&rsquo;aujourd&rsquo;hui, adoucissent le dur travail avec le bavardage et le \u00abbavardage\u00bb du pays. Les m\u00e8res et les filles ensemble, que parmi un peu d&rsquo;eau et une comptine, sans le savoir, apprenaient les ficelles du m\u00e9tier en observant l&rsquo;exemple des plus grandes. Exactement comme dans le c\u00e9l\u00e8bre po\u00e8me \u00ab\u00a0Lavandare\u00a0\u00bb de Pascoli, il est facile d&rsquo;imaginer comment les femmes attendissent \u00e0 la maison les maris de retour entre le chant et le claquement rythmique du linge, le chanvre ou de coton sur la pierre. Ces femmes, dont les mains grandes d\u00e9form\u00e9es par l&rsquo;arthrite et de l&rsquo;eau froide durcie \u00e9taient facilement reconnaissable \u00e0 premi\u00e8re vue, ne savaient pas que, en 1906, aux Etats-Unis, naissait la premi\u00e8re machine \u00e0 laver moderne. En fait, les premiers lave-ligne en Italie ont \u00e9t\u00e9 \u00e9chang\u00e9s pour des machines pour la cr\u00e8me \u00e0 fouetter, compte tenu de la grande quantit\u00e9 de mousse qui faisaient les d\u00e9tergents agressifs utilis\u00e9s pour le lavage \u00e0 la main. La m\u00e9fiance initiale des femmes et la pauvret\u00e9 de temps ont permis la diffusion de la machine \u00e0 laver seulement dans les fin des ann\u00e9es 50. Mais m\u00eame pour une dizaine d&rsquo;ann\u00e9es le bassin \u00e0 l&#8217;embouchure a \u00e9t\u00e9 utilis\u00e9 par les femmes de Albavilla, jusqu&rsquo;\u00e0 sa cession. Pour conclure la visite du centre historique de Albavilla vous pouvez aller au parc municipal de Villa Giamminola. En continuant le long de Via Ai Crotti et Via Panoramica, o\u00f9 vous pourrez profiter d&rsquo;une vue magnifique sur les lacs Pusiano et Alserio, le tour termine avec l&rsquo;\u00e9glise de Santa Maria di Loreto, une belle \u00e9glise en position haute que des r\u00e9novations modernes ont maintenu l&rsquo;apparence d&rsquo;origine romane du XIIe si\u00e8cle, caract\u00e9ris\u00e9e par la pierre utilis\u00e9e pour les murs ext\u00e9rieurs.[\/et_pb_toggle][et_pb_button button_url=\u00a0\u00bbhttp:\/\/goo.gl\/ZG1C11&Prime; url_new_window=\u00a0\u00bbon\u00a0\u00bb button_text=\u00a0\u00bbItin\u00e9raire\u00a0\u00bb button_alignment=\u00a0\u00bbcenter\u00a0\u00bb _builder_version=\u00a0\u00bb4.16&Prime; custom_button=\u00a0\u00bbon\u00a0\u00bb button_text_color=\u00a0\u00bb#ffffff\u00a0\u00bb button_bg_color=\u00a0\u00bb#0f9d58&Prime; button_border_color=\u00a0\u00bb#0f9d58&Prime; custom_css_main_element=\u00a0\u00bbwidth:100%\u00a0\u00bb global_colors_info=\u00a0\u00bb{}\u00a0\u00bb button_text_size__hover_enabled=\u00a0\u00bboff\u00a0\u00bb button_text_size__hover=\u00a0\u00bbnull\u00a0\u00bb button_one_text_size__hover_enabled=\u00a0\u00bboff\u00a0\u00bb button_one_text_size__hover=\u00a0\u00bbnull\u00a0\u00bb button_two_text_size__hover_enabled=\u00a0\u00bboff\u00a0\u00bb button_two_text_size__hover=\u00a0\u00bbnull\u00a0\u00bb button_text_color__hover_enabled=\u00a0\u00bbon\u00a0\u00bb button_text_color__hover=\u00a0\u00bb#ffffff\u00a0\u00bb button_one_text_color__hover_enabled=\u00a0\u00bboff\u00a0\u00bb button_one_text_color__hover=\u00a0\u00bbnull\u00a0\u00bb button_two_text_color__hover_enabled=\u00a0\u00bboff\u00a0\u00bb button_two_text_color__hover=\u00a0\u00bbnull\u00a0\u00bb button_border_width__hover_enabled=\u00a0\u00bboff\u00a0\u00bb button_border_width__hover=\u00a0\u00bbnull\u00a0\u00bb button_one_border_width__hover_enabled=\u00a0\u00bboff\u00a0\u00bb button_one_border_width__hover=\u00a0\u00bbnull\u00a0\u00bb button_two_border_width__hover_enabled=\u00a0\u00bboff\u00a0\u00bb button_two_border_width__hover=\u00a0\u00bbnull\u00a0\u00bb button_border_color__hover_enabled=\u00a0\u00bbon\u00a0\u00bb button_border_color__hover=\u00a0\u00bb#0f9d58&Prime; button_one_border_color__hover_enabled=\u00a0\u00bboff\u00a0\u00bb button_one_border_color__hover=\u00a0\u00bbnull\u00a0\u00bb button_two_border_color__hover_enabled=\u00a0\u00bboff\u00a0\u00bb button_two_border_color__hover=\u00a0\u00bbnull\u00a0\u00bb button_border_radius__hover_enabled=\u00a0\u00bboff\u00a0\u00bb button_border_radius__hover=\u00a0\u00bbnull\u00a0\u00bb button_one_border_radius__hover_enabled=\u00a0\u00bboff\u00a0\u00bb button_one_border_radius__hover=\u00a0\u00bbnull\u00a0\u00bb button_two_border_radius__hover_enabled=\u00a0\u00bboff\u00a0\u00bb button_two_border_radius__hover=\u00a0\u00bbnull\u00a0\u00bb button_letter_spacing__hover_enabled=\u00a0\u00bbon\u00a0\u00bb button_letter_spacing__hover=\u00a0\u00bb0&Prime; button_one_letter_spacing__hover_enabled=\u00a0\u00bboff\u00a0\u00bb button_one_letter_spacing__hover=\u00a0\u00bbnull\u00a0\u00bb button_two_letter_spacing__hover_enabled=\u00a0\u00bboff\u00a0\u00bb button_two_letter_spacing__hover=\u00a0\u00bbnull\u00a0\u00bb button_bg_color__hover_enabled=\u00a0\u00bbon\u00a0\u00bb button_bg_color__hover=\u00a0\u00bb#0f9d58&Prime; button_one_bg_color__hover_enabled=\u00a0\u00bboff\u00a0\u00bb button_one_bg_color__hover=\u00a0\u00bbnull\u00a0\u00bb button_two_bg_color__hover_enabled=\u00a0\u00bboff\u00a0\u00bb button_two_bg_color__hover=\u00a0\u00bbnull\u00a0\u00bb][\/et_pb_button][\/et_pb_column][\/et_pb_row][et_pb_row _builder_version=\u00a0\u00bb4.16&Prime; background_size=\u00a0\u00bbinitial\u00a0\u00bb background_position=\u00a0\u00bbtop_left\u00a0\u00bb background_repeat=\u00a0\u00bbrepeat\u00a0\u00bb make_fullwidth=\u00a0\u00bboff\u00a0\u00bb use_custom_width=\u00a0\u00bboff\u00a0\u00bb width_unit=\u00a0\u00bboff\u00a0\u00bb custom_width_px=\u00a0\u00bb1080px\u00a0\u00bb custom_width_percent=\u00a0\u00bb80%\u00a0\u00bb global_colors_info=\u00a0\u00bb{}\u00a0\u00bb][et_pb_column type=\u00a0\u00bb4_4&Prime; _builder_version=\u00a0\u00bb4.16&Prime; custom_padding=\u00a0\u00bb|||\u00a0\u00bb global_colors_info=\u00a0\u00bb{}\u00a0\u00bb custom_padding__hover=\u00a0\u00bb|||\u00a0\u00bb][et_pb_toggle title=\u00a0\u00bbCOMMENT Y ARRIVER\u00a0\u00bb closed_toggle_background_color=\u00a0\u00bb#f2f4f7&Prime; _builder_version=\u00a0\u00bb4.16&Prime; background_size=\u00a0\u00bbinitial\u00a0\u00bb background_position=\u00a0\u00bbtop_left\u00a0\u00bb background_repeat=\u00a0\u00bbrepeat\u00a0\u00bb use_border_color=\u00a0\u00bboff\u00a0\u00bb global_colors_info=\u00a0\u00bb{}\u00a0\u00bb]<b>En bus:<\/b><br \/>\nASF Autobus<br \/>\nC40 Como \u2013 Erba \u2013 Lecco<\/p>\n<p><b>En train:<\/b><br \/>\nFerrovie Trenord de Milano Nord Cadorna, Train R\u00e9gional R16 Asso \u2013 Seveso \u2013 Milano, descendre \u00e0 Erba et continuer a parcourir avec le bus C40<\/p>\n<p><b>En voiture:<\/b><br \/>\nDe Como: prendre la SS 342 en direction Lecco, \u00e0 hateur de Tavernerio continuer sur la SP 639 \u2013 Viale Lombardia<br \/>\nDe Lecco: parcourir la SS 342 en direction de Milano, sortir \u00e0 Como\/Erba et continuer sur la SP en direction de Como<br \/>\nDe Milano: parcourir la SS 36 en direction Lecco, sortir \u00e0 Nibionno SS 342 en direction de Anzano del Parco. Une fois en Anzano del Parco prendre la SP 40 en direction Como[\/et_pb_toggle][\/et_pb_column][\/et_pb_row][\/et_pb_section][et_pb_section fb_built=\u00a0\u00bb1&Prime; _builder_version=\u00a0\u00bb4.16&Prime; custom_padding=\u00a0\u00bb0px||0px|\u00a0\u00bb transparent_background=\u00a0\u00bboff\u00a0\u00bb make_fullwidth=\u00a0\u00bboff\u00a0\u00bb use_custom_width=\u00a0\u00bboff\u00a0\u00bb width_unit=\u00a0\u00bbon\u00a0\u00bb global_colors_info=\u00a0\u00bb{}\u00a0\u00bb][et_pb_row column_structure=\u00a0\u00bb1_3,1_3,1_3&Prime; use_custom_gutter=\u00a0\u00bbon\u00a0\u00bb gutter_width=\u00a0\u00bb0&Prime; module_class=\u00a0\u00bb et_pb_row_fullwidth\u00a0\u00bb _builder_version=\u00a0\u00bb4.16&Prime; background_size=\u00a0\u00bbinitial\u00a0\u00bb background_position=\u00a0\u00bbtop_left\u00a0\u00bb background_repeat=\u00a0\u00bbrepeat\u00a0\u00bb width=\u00a0\u00bb100%\u00a0\u00bb width_tablet=\u00a0\u00bb100%\u00a0\u00bb width_phone=\u00a0\u00bb100%\u00a0\u00bb width_last_edited=\u00a0\u00bbon|desktop\u00a0\u00bb max_width=\u00a0\u00bb100%\u00a0\u00bb max_width_tablet=\u00a0\u00bb100%\u00a0\u00bb max_width_phone=\u00a0\u00bb100%\u00a0\u00bb max_width_last_edited=\u00a0\u00bbon|desktop\u00a0\u00bb custom_padding=\u00a0\u00bb0px|0px|0px|0px\u00a0\u00bb make_fullwidth=\u00a0\u00bbon\u00a0\u00bb use_custom_width=\u00a0\u00bboff\u00a0\u00bb width_unit=\u00a0\u00bbon\u00a0\u00bb global_colors_info=\u00a0\u00bb{}\u00a0\u00bb][et_pb_column type=\u00a0\u00bb1_3&Prime; _builder_version=\u00a0\u00bb4.16&Prime; custom_padding=\u00a0\u00bb|||\u00a0\u00bb global_colors_info=\u00a0\u00bb{}\u00a0\u00bb custom_padding__hover=\u00a0\u00bb|||\u00a0\u00bb][et_pb_image src=\u00a0\u00bbhttps:\/\/www.lakecomogreenlands.com\/albavilla\/wp-content\/uploads\/sites\/2\/2017\/02\/albavilla-gallery-1.jpg\u00a0\u00bb show_in_lightbox=\u00a0\u00bbon\u00a0\u00bb use_overlay=\u00a0\u00bbon\u00a0\u00bb hover_icon=\u00a0\u00bb&#xe042;||divi||400&Prime; align=\u00a0\u00bbcenter\u00a0\u00bb force_fullwidth=\u00a0\u00bbon\u00a0\u00bb align_tablet=\u00a0\u00bbcenter\u00a0\u00bb align_phone=\u00a0\u00bbcenter\u00a0\u00bb align_last_edited=\u00a0\u00bbon|desktop\u00a0\u00bb _builder_version=\u00a0\u00bb4.16&Prime; animation_style=\u00a0\u00bbfade\u00a0\u00bb animation_duration=\u00a0\u00bb500ms\u00a0\u00bb use_border_color=\u00a0\u00bboff\u00a0\u00bb border_color=\u00a0\u00bb#ffffff\u00a0\u00bb border_style=\u00a0\u00bbsolid\u00a0\u00bb animation=\u00a0\u00bbfade_in\u00a0\u00bb sticky=\u00a0\u00bboff\u00a0\u00bb always_center_on_mobile=\u00a0\u00bbon\u00a0\u00bb global_colors_info=\u00a0\u00bb{}\u00a0\u00bb][\/et_pb_image][\/et_pb_column][et_pb_column type=\u00a0\u00bb1_3&Prime; _builder_version=\u00a0\u00bb4.16&Prime; custom_padding=\u00a0\u00bb|||\u00a0\u00bb global_colors_info=\u00a0\u00bb{}\u00a0\u00bb custom_padding__hover=\u00a0\u00bb|||\u00a0\u00bb][et_pb_image src=\u00a0\u00bbhttps:\/\/www.lakecomogreenlands.com\/albavilla\/wp-content\/uploads\/sites\/2\/2017\/02\/albavilla-gallery-2.jpg\u00a0\u00bb show_in_lightbox=\u00a0\u00bbon\u00a0\u00bb use_overlay=\u00a0\u00bbon\u00a0\u00bb hover_icon=\u00a0\u00bb&#xe042;||divi||400&Prime; align=\u00a0\u00bbcenter\u00a0\u00bb force_fullwidth=\u00a0\u00bbon\u00a0\u00bb align_tablet=\u00a0\u00bbcenter\u00a0\u00bb align_phone=\u00a0\u00bbcenter\u00a0\u00bb align_last_edited=\u00a0\u00bbon|desktop\u00a0\u00bb _builder_version=\u00a0\u00bb4.16&Prime; animation_style=\u00a0\u00bbfade\u00a0\u00bb animation_duration=\u00a0\u00bb500ms\u00a0\u00bb use_border_color=\u00a0\u00bboff\u00a0\u00bb border_color=\u00a0\u00bb#ffffff\u00a0\u00bb border_style=\u00a0\u00bbsolid\u00a0\u00bb animation=\u00a0\u00bbfade_in\u00a0\u00bb sticky=\u00a0\u00bboff\u00a0\u00bb always_center_on_mobile=\u00a0\u00bbon\u00a0\u00bb global_colors_info=\u00a0\u00bb{}\u00a0\u00bb][\/et_pb_image][\/et_pb_column][et_pb_column type=\u00a0\u00bb1_3&Prime; _builder_version=\u00a0\u00bb4.16&Prime; custom_padding=\u00a0\u00bb|||\u00a0\u00bb global_colors_info=\u00a0\u00bb{}\u00a0\u00bb custom_padding__hover=\u00a0\u00bb|||\u00a0\u00bb][et_pb_image src=\u00a0\u00bbhttps:\/\/www.lakecomogreenlands.com\/albavilla\/wp-content\/uploads\/sites\/2\/2017\/02\/a3-1.jpg\u00a0\u00bb show_in_lightbox=\u00a0\u00bbon\u00a0\u00bb use_overlay=\u00a0\u00bbon\u00a0\u00bb hover_icon=\u00a0\u00bb&#xe042;||divi||400&Prime; align=\u00a0\u00bbcenter\u00a0\u00bb force_fullwidth=\u00a0\u00bbon\u00a0\u00bb align_tablet=\u00a0\u00bbcenter\u00a0\u00bb align_phone=\u00a0\u00bbcenter\u00a0\u00bb align_last_edited=\u00a0\u00bbon|desktop\u00a0\u00bb _builder_version=\u00a0\u00bb4.16&Prime; animation_style=\u00a0\u00bbfade\u00a0\u00bb animation_duration=\u00a0\u00bb500ms\u00a0\u00bb use_border_color=\u00a0\u00bboff\u00a0\u00bb border_color=\u00a0\u00bb#ffffff\u00a0\u00bb border_style=\u00a0\u00bbsolid\u00a0\u00bb animation=\u00a0\u00bbfade_in\u00a0\u00bb sticky=\u00a0\u00bboff\u00a0\u00bb always_center_on_mobile=\u00a0\u00bbon\u00a0\u00bb global_colors_info=\u00a0\u00bb{}\u00a0\u00bb][\/et_pb_image][\/et_pb_column][\/et_pb_row][\/et_pb_section][et_pb_section fb_built=\u00a0\u00bb1&Prime; admin_label=\u00a0\u00bbsection\u00a0\u00bb _builder_version=\u00a0\u00bb4.16&Prime; background_color=\u00a0\u00bb#0f9d58&Prime; transparent_background=\u00a0\u00bboff\u00a0\u00bb make_fullwidth=\u00a0\u00bboff\u00a0\u00bb use_custom_width=\u00a0\u00bboff\u00a0\u00bb width_unit=\u00a0\u00bbon\u00a0\u00bb custom_width_px=\u00a0\u00bb1080px\u00a0\u00bb custom_width_percent=\u00a0\u00bb80%\u00a0\u00bb global_colors_info=\u00a0\u00bb{}\u00a0\u00bb][et_pb_row use_custom_gutter=\u00a0\u00bbon\u00a0\u00bb gutter_width=\u00a0\u00bb0&Prime; admin_label=\u00a0\u00bbrow\u00a0\u00bb module_class=\u00a0\u00bb et_pb_row_fullwidth\u00a0\u00bb _builder_version=\u00a0\u00bb4.16&Prime; background_size=\u00a0\u00bbinitial\u00a0\u00bb background_position=\u00a0\u00bbtop_left\u00a0\u00bb background_repeat=\u00a0\u00bbrepeat\u00a0\u00bb width=\u00a0\u00bb100%\u00a0\u00bb width_tablet=\u00a0\u00bb100%\u00a0\u00bb width_phone=\u00a0\u00bb100%\u00a0\u00bb width_last_edited=\u00a0\u00bbon|desktop\u00a0\u00bb max_width=\u00a0\u00bb100%\u00a0\u00bb max_width_tablet=\u00a0\u00bb100%\u00a0\u00bb max_width_phone=\u00a0\u00bb100%\u00a0\u00bb max_width_last_edited=\u00a0\u00bbon|desktop\u00a0\u00bb make_fullwidth=\u00a0\u00bbon\u00a0\u00bb use_custom_width=\u00a0\u00bboff\u00a0\u00bb width_unit=\u00a0\u00bboff\u00a0\u00bb global_colors_info=\u00a0\u00bb{}\u00a0\u00bb][et_pb_column type=\u00a0\u00bb4_4&Prime; _builder_version=\u00a0\u00bb4.16&Prime; custom_padding=\u00a0\u00bb|||\u00a0\u00bb global_colors_info=\u00a0\u00bb{}\u00a0\u00bb custom_padding__hover=\u00a0\u00bb|||\u00a0\u00bb][et_pb_cta title=\u00a0\u00bbD\u00e9couvrez les Green Lands\u00a0\u00bb button_url=\u00a0\u00bbhttps:\/\/www.lakecomogreenlands.com\/fr\/\u00a0\u00bb button_text=\u00a0\u00bbPlus\u00a0\u00bb _builder_version=\u00a0\u00bb4.16&Prime; background_size=\u00a0\u00bbinitial\u00a0\u00bb background_position=\u00a0\u00bbtop_left\u00a0\u00bb background_repeat=\u00a0\u00bbrepeat\u00a0\u00bb custom_button=\u00a0\u00bbon\u00a0\u00bb button_text_color=\u00a0\u00bb#0f9d58&Prime; button_bg_color=\u00a0\u00bb#ffffff\u00a0\u00bb button_border_color=\u00a0\u00bb#ffffff\u00a0\u00bb use_border_color=\u00a0\u00bboff\u00a0\u00bb global_colors_info=\u00a0\u00bb{}\u00a0\u00bb button_text_size__hover_enabled=\u00a0\u00bboff\u00a0\u00bb button_text_size__hover=\u00a0\u00bbnull\u00a0\u00bb button_one_text_size__hover_enabled=\u00a0\u00bboff\u00a0\u00bb button_one_text_size__hover=\u00a0\u00bbnull\u00a0\u00bb button_two_text_size__hover_enabled=\u00a0\u00bboff\u00a0\u00bb button_two_text_size__hover=\u00a0\u00bbnull\u00a0\u00bb button_text_color__hover_enabled=\u00a0\u00bbon\u00a0\u00bb button_text_color__hover=\u00a0\u00bb#0f9d58&Prime; button_one_text_color__hover_enabled=\u00a0\u00bboff\u00a0\u00bb button_one_text_color__hover=\u00a0\u00bbnull\u00a0\u00bb button_two_text_color__hover_enabled=\u00a0\u00bboff\u00a0\u00bb button_two_text_color__hover=\u00a0\u00bbnull\u00a0\u00bb button_border_width__hover_enabled=\u00a0\u00bboff\u00a0\u00bb button_border_width__hover=\u00a0\u00bbnull\u00a0\u00bb button_one_border_width__hover_enabled=\u00a0\u00bboff\u00a0\u00bb button_one_border_width__hover=\u00a0\u00bbnull\u00a0\u00bb button_two_border_width__hover_enabled=\u00a0\u00bboff\u00a0\u00bb button_two_border_width__hover=\u00a0\u00bbnull\u00a0\u00bb button_border_color__hover_enabled=\u00a0\u00bbon\u00a0\u00bb button_border_color__hover=\u00a0\u00bb#ffffff\u00a0\u00bb button_one_border_color__hover_enabled=\u00a0\u00bboff\u00a0\u00bb button_one_border_color__hover=\u00a0\u00bbnull\u00a0\u00bb button_two_border_color__hover_enabled=\u00a0\u00bboff\u00a0\u00bb button_two_border_color__hover=\u00a0\u00bbnull\u00a0\u00bb button_border_radius__hover_enabled=\u00a0\u00bboff\u00a0\u00bb button_border_radius__hover=\u00a0\u00bbnull\u00a0\u00bb button_one_border_radius__hover_enabled=\u00a0\u00bboff\u00a0\u00bb button_one_border_radius__hover=\u00a0\u00bbnull\u00a0\u00bb button_two_border_radius__hover_enabled=\u00a0\u00bboff\u00a0\u00bb button_two_border_radius__hover=\u00a0\u00bbnull\u00a0\u00bb button_letter_spacing__hover_enabled=\u00a0\u00bbon\u00a0\u00bb button_letter_spacing__hover=\u00a0\u00bb0&Prime; button_one_letter_spacing__hover_enabled=\u00a0\u00bboff\u00a0\u00bb button_one_letter_spacing__hover=\u00a0\u00bbnull\u00a0\u00bb button_two_letter_spacing__hover_enabled=\u00a0\u00bboff\u00a0\u00bb button_two_letter_spacing__hover=\u00a0\u00bbnull\u00a0\u00bb button_bg_color__hover_enabled=\u00a0\u00bbon\u00a0\u00bb button_bg_color__hover=\u00a0\u00bb#ffffff\u00a0\u00bb button_one_bg_color__hover_enabled=\u00a0\u00bboff\u00a0\u00bb button_one_bg_color__hover=\u00a0\u00bbnull\u00a0\u00bb button_two_bg_color__hover_enabled=\u00a0\u00bboff\u00a0\u00bb button_two_bg_color__hover=\u00a0\u00bbnull\u00a0\u00bb]Explore les\u00a0<strong>terres verts<\/strong>\u00a0du Lac de Como![\/et_pb_cta][\/et_pb_column][\/et_pb_row][\/et_pb_section][et_pb_section fb_built=\u00a0\u00bb1&Prime; _builder_version=\u00a0\u00bb4.16&Prime; background_color=\u00a0\u00bb#f2f4f7&Prime; custom_css_main_element=\u00a0\u00bbborder-top: solid 1px #d4d4d4;\u00a0\u00bb transparent_background=\u00a0\u00bboff\u00a0\u00bb make_fullwidth=\u00a0\u00bboff\u00a0\u00bb use_custom_width=\u00a0\u00bboff\u00a0\u00bb width_unit=\u00a0\u00bbon\u00a0\u00bb custom_width_px=\u00a0\u00bb1080px\u00a0\u00bb custom_width_percent=\u00a0\u00bb80%\u00a0\u00bb global_colors_info=\u00a0\u00bb{}\u00a0\u00bb][et_pb_row _builder_version=\u00a0\u00bb4.16&Prime; background_size=\u00a0\u00bbinitial\u00a0\u00bb background_position=\u00a0\u00bbtop_left\u00a0\u00bb background_repeat=\u00a0\u00bbrepeat\u00a0\u00bb make_fullwidth=\u00a0\u00bboff\u00a0\u00bb use_custom_width=\u00a0\u00bboff\u00a0\u00bb width_unit=\u00a0\u00bboff\u00a0\u00bb custom_width_px=\u00a0\u00bb1080px\u00a0\u00bb custom_width_percent=\u00a0\u00bb80%\u00a0\u00bb global_colors_info=\u00a0\u00bb{}\u00a0\u00bb][et_pb_column type=\u00a0\u00bb4_4&Prime; _builder_version=\u00a0\u00bb4.16&Prime; custom_padding=\u00a0\u00bb|||\u00a0\u00bb global_colors_info=\u00a0\u00bb{}\u00a0\u00bb custom_padding__hover=\u00a0\u00bb|||\u00a0\u00bb][et_pb_text _builder_version=\u00a0\u00bb4.16&Prime; background_size=\u00a0\u00bbinitial\u00a0\u00bb background_position=\u00a0\u00bbtop_left\u00a0\u00bb background_repeat=\u00a0\u00bbrepeat\u00a0\u00bb text_orientation=\u00a0\u00bbcenter\u00a0\u00bb module_alignment=\u00a0\u00bbcenter\u00a0\u00bb use_border_color=\u00a0\u00bboff\u00a0\u00bb global_colors_info=\u00a0\u00bb{}\u00a0\u00bb]<\/p>\n<h2><span style=\"color: #808080\"><strong>Un projet de<\/strong><\/span><\/h2>\n<p><span style=\"color: #808080\"><a style=\"color: #808080\" href=\"http:\/\/www.comune.erba.co.it\/\">Comune di Erba capofila, <\/a><a style=\"color: #808080\" href=\"http:\/\/www.comune.albavilla.co.it\/\">Comune di Albavilla, <\/a><a style=\"color: #808080\" href=\"http:\/\/www.comune.albeseconcassano.co.it\/\">Comune di Albese con Cassano, <\/a><a style=\"color: #808080\" href=\"http:\/\/www.comune.alserio.co.it\/\">Comune di Alserio, <\/a><\/span><br \/><span style=\"color: #808080\"> <a style=\"color: #808080\" href=\"http:\/\/www.comune.eupilio.co.it\/\">Comune di Eupilio, <\/a><a style=\"color: #808080\" href=\"http:\/\/www.comune.inverigo.co.it\/\">Comune di Inverigo, <\/a><a style=\"color: #808080\" href=\"http:\/\/www.comune.lambrugo.co.it\/\">Comune di Lambrugo, <\/a><a style=\"color: #808080\" href=\"http:\/\/www.comune.luragoderba.co.it\/\">Comune di Lurago d&rsquo;Erba, <\/a><\/span><br \/><span style=\"color: #808080\"> <a style=\"color: #808080\" href=\"http:\/\/www.comune.merone.co.it\/\">Comune di Merone, <\/a><a style=\"color: #808080\" href=\"http:\/\/www.comune.montorfano.co.it\/\">Comune di Montorfano, <\/a><a style=\"color: #808080\" href=\"http:\/\/www.comune.orsenigo.co.it\/\">Comune di Orsenigo, <\/a><a style=\"color: #808080\" href=\"http:\/\/www.comune.pontelambro.co.it\/\">Comune di Ponte Lambro, <\/a><a style=\"color: #808080\" href=\"http:\/\/www.comune.pusiano.co.it\/\">Comune di Pusiano, <\/a><\/span><br \/><span style=\"color: #808080\"> <a style=\"color: #808080\">Sistema Turistico Lago di Como, <\/a><a style=\"color: #808080\" href=\"http:\/\/www.lariofiere.com\/\">Lariofiere Como Lecco, <\/a><a style=\"color: #808080\" href=\"http:\/\/www.confcommerciocomo.it\/\">Confcommercio Como.<\/a><\/span><\/p>\n<p>[\/et_pb_text][et_pb_text _builder_version=\u00a0\u00bb4.16&Prime; background_size=\u00a0\u00bbinitial\u00a0\u00bb background_position=\u00a0\u00bbtop_left\u00a0\u00bb background_repeat=\u00a0\u00bbrepeat\u00a0\u00bb text_orientation=\u00a0\u00bbcenter\u00a0\u00bb module_alignment=\u00a0\u00bbcenter\u00a0\u00bb use_border_color=\u00a0\u00bboff\u00a0\u00bb global_colors_info=\u00a0\u00bb{}\u00a0\u00bb]<\/p>\n<p><span style=\"color: #808080\"><strong>Le district de l\u2019attrait est n\u00e9 gr\u00e2ce \u00e0 la participation au avis Regional \u201cDistretti dell\u2019attrattivit\u00e0 turistica e commerciale\u201d DDG 14 Juillet 2014 \u2013 52574412.<\/strong><\/span><\/p>\n<p>[\/et_pb_text][et_pb_divider color=\u00a0\u00bb#b5b5b5&Prime; divider_weight=\u00a0\u00bb1px\u00a0\u00bb disabled_on=\u00a0\u00bbon|on|off\u00a0\u00bb _builder_version=\u00a0\u00bb4.16&Prime; height=\u00a0\u00bb2px\u00a0\u00bb hide_on_mobile=\u00a0\u00bbon\u00a0\u00bb global_colors_info=\u00a0\u00bb{}\u00a0\u00bb][\/et_pb_divider][et_pb_social_media_follow _builder_version=\u00a0\u00bb4.16&Prime; text_orientation=\u00a0\u00bbcenter\u00a0\u00bb border_radii=\u00a0\u00bbon|100%|100%|100%|100%\u00a0\u00bb global_colors_info=\u00a0\u00bb{}\u00a0\u00bb][et_pb_social_media_follow_network social_network=\u00a0\u00bbfacebook\u00a0\u00bb url=\u00a0\u00bbhttp:\/\/www.facebook.com\/Lake-Como-Expo-Green-Lands-1229961333680893\/\u00a0\u00bb _builder_version=\u00a0\u00bb4.16&Prime; background_color=\u00a0\u00bb#3b5998&Prime; bg_color=\u00a0\u00bb#3b5998&Prime; global_colors_info=\u00a0\u00bb{}\u00a0\u00bb follow_button=\u00a0\u00bboff\u00a0\u00bb url_new_window=\u00a0\u00bbon\u00a0\u00bb]Facebook[\/et_pb_social_media_follow_network][et_pb_social_media_follow_network social_network=\u00a0\u00bbinstagram\u00a0\u00bb url=\u00a0\u00bbhttps:\/\/www.instagram.com\/lakecomogreenland\/\u00a0\u00bb _builder_version=\u00a0\u00bb4.16&Prime; background_color=\u00a0\u00bb#ea2c59&Prime; global_colors_info=\u00a0\u00bb{}\u00a0\u00bb follow_button=\u00a0\u00bboff\u00a0\u00bb url_new_window=\u00a0\u00bbon\u00a0\u00bb]Instagram[\/et_pb_social_media_follow_network][\/et_pb_social_media_follow][et_pb_divider color=\u00a0\u00bb#b5b5b5&Prime; divider_weight=\u00a0\u00bb1px\u00a0\u00bb disabled_on=\u00a0\u00bbon|on|off\u00a0\u00bb _builder_version=\u00a0\u00bb4.16&Prime; height=\u00a0\u00bb2px\u00a0\u00bb hide_on_mobile=\u00a0\u00bbon\u00a0\u00bb global_colors_info=\u00a0\u00bb{}\u00a0\u00bb][\/et_pb_divider][\/et_pb_column][\/et_pb_row][\/et_pb_section]<\/p>\n","protected":false},"excerpt":{"rendered":"<p>Green Landest une commune italienne d&rsquo;environ 6500 habitants situ\u00e9e dans la province de C\u00f4me dans la r\u00e9gion Lombardie.Albavilla, de mani\u00e8re similaire \u00e0 tout la Plaine de Erba, conna\u00eet la pr\u00e9sence de l&rsquo;homme \u00e0 partir des temps pr\u00e9historiques, comme attest\u00e9 par les restes trouv\u00e9s dans le Buco del Piombo. Aussi les d\u00e9couvertes qu\u2019on peut ramener \u00e0 [&hellip;]<\/p>\n","protected":false},"author":1,"featured_media":0,"parent":0,"menu_order":0,"comment_status":"closed","ping_status":"closed","template":"","meta":{"_et_pb_use_builder":"on","_et_pb_old_content":"","_et_gb_content_width":"","footnotes":""},"class_list":["post-225","page","type-page","status-publish","hentry"],"yoast_head":"<!-- This site is optimized with the Yoast SEO plugin v23.5 - https:\/\/yoast.com\/wordpress\/plugins\/seo\/ -->\n<title>Albavilla - Lake Como Green Land<\/title>\n<meta name=\"description\" content=\"Albavilla est une commune italienne d\u2019environ 6500 habitants situ\u00e9e dans la province de C\u00f4me dans la r\u00e9gion Lombardie.\" \/>\n<meta name=\"robots\" content=\"index, follow, max-snippet:-1, max-image-preview:large, max-video-preview:-1\" \/>\n<link rel=\"canonical\" href=\"https:\/\/www.lakecomogreenlands.com\/fr\/albavilla\/\" \/>\n<meta property=\"og:locale\" content=\"fr_FR\" \/>\n<meta property=\"og:type\" content=\"article\" \/>\n<meta property=\"og:title\" content=\"Albavilla - Lake Como Green Land\" \/>\n<meta property=\"og:description\" content=\"Albavilla est une commune italienne d\u2019environ 6500 habitants situ\u00e9e dans la province de C\u00f4me dans la r\u00e9gion Lombardie.\" \/>\n<meta property=\"og:url\" content=\"https:\/\/www.lakecomogreenlands.com\/fr\/albavilla\/\" \/>\n<meta property=\"og:site_name\" content=\"Lake Como Green Land\" \/>\n<meta property=\"article:publisher\" content=\"https:\/\/www.facebook.com\/Lake-Como-Expo-Green-Lands-1229961333680893\/?fref=ts\" \/>\n<meta property=\"article:modified_time\" content=\"2022-08-02T13:17:06+00:00\" \/>\n<meta name=\"twitter:card\" content=\"summary_large_image\" \/>\n<meta name=\"twitter:label1\" content=\"Dur\u00e9e de lecture estim\u00e9e\" \/>\n\t<meta name=\"twitter:data1\" content=\"16 minutes\" \/>\n<script type=\"application\/ld+json\" class=\"yoast-schema-graph\">{\"@context\":\"https:\/\/schema.org\",\"@graph\":[{\"@type\":\"WebPage\",\"@id\":\"https:\/\/www.lakecomogreenlands.com\/fr\/albavilla\/\",\"url\":\"https:\/\/www.lakecomogreenlands.com\/fr\/albavilla\/\",\"name\":\"Albavilla - Lake Como Green Land\",\"isPartOf\":{\"@id\":\"https:\/\/www.lakecomogreenlands.com\/fr\/#website\"},\"datePublished\":\"2017-02-06T09:47:20+00:00\",\"dateModified\":\"2022-08-02T13:17:06+00:00\",\"description\":\"Albavilla est une commune italienne d\u2019environ 6500 habitants situ\u00e9e dans la province de C\u00f4me dans la r\u00e9gion Lombardie.\",\"breadcrumb\":{\"@id\":\"https:\/\/www.lakecomogreenlands.com\/fr\/albavilla\/#breadcrumb\"},\"inLanguage\":\"fr-FR\",\"potentialAction\":[{\"@type\":\"ReadAction\",\"target\":[\"https:\/\/www.lakecomogreenlands.com\/fr\/albavilla\/\"]}]},{\"@type\":\"BreadcrumbList\",\"@id\":\"https:\/\/www.lakecomogreenlands.com\/fr\/albavilla\/#breadcrumb\",\"itemListElement\":[{\"@type\":\"ListItem\",\"position\":1,\"name\":\"Home\",\"item\":\"https:\/\/www.lakecomogreenlands.com\/fr\/\"},{\"@type\":\"ListItem\",\"position\":2,\"name\":\"Albavilla\"}]},{\"@type\":\"WebSite\",\"@id\":\"https:\/\/www.lakecomogreenlands.com\/fr\/#website\",\"url\":\"https:\/\/www.lakecomogreenlands.com\/fr\/\",\"name\":\"Lake Como Green Land\",\"description\":\"Lake Como Green Land\",\"publisher\":{\"@id\":\"https:\/\/www.lakecomogreenlands.com\/fr\/#organization\"},\"potentialAction\":[{\"@type\":\"SearchAction\",\"target\":{\"@type\":\"EntryPoint\",\"urlTemplate\":\"https:\/\/www.lakecomogreenlands.com\/fr\/?s={search_term_string}\"},\"query-input\":{\"@type\":\"PropertyValueSpecification\",\"valueRequired\":true,\"valueName\":\"search_term_string\"}}],\"inLanguage\":\"fr-FR\"},{\"@type\":\"Organization\",\"@id\":\"https:\/\/www.lakecomogreenlands.com\/fr\/#organization\",\"name\":\"Lariofiere\",\"url\":\"https:\/\/www.lakecomogreenlands.com\/fr\/\",\"logo\":{\"@type\":\"ImageObject\",\"inLanguage\":\"fr-FR\",\"@id\":\"https:\/\/www.lakecomogreenlands.com\/fr\/#\/schema\/logo\/image\/\",\"url\":\"https:\/\/www.lakecomogreenlands.com\/wp-content\/uploads\/2018\/07\/Logo-LARIOFIERE-COMO-LECCO-Blu.png\",\"contentUrl\":\"https:\/\/www.lakecomogreenlands.com\/wp-content\/uploads\/2018\/07\/Logo-LARIOFIERE-COMO-LECCO-Blu.png\",\"width\":200,\"height\":59,\"caption\":\"Lariofiere\"},\"image\":{\"@id\":\"https:\/\/www.lakecomogreenlands.com\/fr\/#\/schema\/logo\/image\/\"},\"sameAs\":[\"https:\/\/www.facebook.com\/Lake-Como-Expo-Green-Lands-1229961333680893\/?fref=ts\",\"https:\/\/www.instagram.com\/lakecomogreenland\/\"]}]}<\/script>\n<!-- \/ Yoast SEO plugin. -->","yoast_head_json":{"title":"Albavilla - Lake Como Green Land","description":"Albavilla est une commune italienne d\u2019environ 6500 habitants situ\u00e9e dans la province de C\u00f4me dans la r\u00e9gion Lombardie.","robots":{"index":"index","follow":"follow","max-snippet":"max-snippet:-1","max-image-preview":"max-image-preview:large","max-video-preview":"max-video-preview:-1"},"canonical":"https:\/\/www.lakecomogreenlands.com\/fr\/albavilla\/","og_locale":"fr_FR","og_type":"article","og_title":"Albavilla - Lake Como Green Land","og_description":"Albavilla est une commune italienne d\u2019environ 6500 habitants situ\u00e9e dans la province de C\u00f4me dans la r\u00e9gion Lombardie.","og_url":"https:\/\/www.lakecomogreenlands.com\/fr\/albavilla\/","og_site_name":"Lake Como Green Land","article_publisher":"https:\/\/www.facebook.com\/Lake-Como-Expo-Green-Lands-1229961333680893\/?fref=ts","article_modified_time":"2022-08-02T13:17:06+00:00","twitter_card":"summary_large_image","twitter_misc":{"Dur\u00e9e de lecture estim\u00e9e":"16 minutes"},"schema":{"@context":"https:\/\/schema.org","@graph":[{"@type":"WebPage","@id":"https:\/\/www.lakecomogreenlands.com\/fr\/albavilla\/","url":"https:\/\/www.lakecomogreenlands.com\/fr\/albavilla\/","name":"Albavilla - Lake Como Green Land","isPartOf":{"@id":"https:\/\/www.lakecomogreenlands.com\/fr\/#website"},"datePublished":"2017-02-06T09:47:20+00:00","dateModified":"2022-08-02T13:17:06+00:00","description":"Albavilla est une commune italienne d\u2019environ 6500 habitants situ\u00e9e dans la province de C\u00f4me dans la r\u00e9gion Lombardie.","breadcrumb":{"@id":"https:\/\/www.lakecomogreenlands.com\/fr\/albavilla\/#breadcrumb"},"inLanguage":"fr-FR","potentialAction":[{"@type":"ReadAction","target":["https:\/\/www.lakecomogreenlands.com\/fr\/albavilla\/"]}]},{"@type":"BreadcrumbList","@id":"https:\/\/www.lakecomogreenlands.com\/fr\/albavilla\/#breadcrumb","itemListElement":[{"@type":"ListItem","position":1,"name":"Home","item":"https:\/\/www.lakecomogreenlands.com\/fr\/"},{"@type":"ListItem","position":2,"name":"Albavilla"}]},{"@type":"WebSite","@id":"https:\/\/www.lakecomogreenlands.com\/fr\/#website","url":"https:\/\/www.lakecomogreenlands.com\/fr\/","name":"Lake Como Green Land","description":"Lake Como Green Land","publisher":{"@id":"https:\/\/www.lakecomogreenlands.com\/fr\/#organization"},"potentialAction":[{"@type":"SearchAction","target":{"@type":"EntryPoint","urlTemplate":"https:\/\/www.lakecomogreenlands.com\/fr\/?s={search_term_string}"},"query-input":{"@type":"PropertyValueSpecification","valueRequired":true,"valueName":"search_term_string"}}],"inLanguage":"fr-FR"},{"@type":"Organization","@id":"https:\/\/www.lakecomogreenlands.com\/fr\/#organization","name":"Lariofiere","url":"https:\/\/www.lakecomogreenlands.com\/fr\/","logo":{"@type":"ImageObject","inLanguage":"fr-FR","@id":"https:\/\/www.lakecomogreenlands.com\/fr\/#\/schema\/logo\/image\/","url":"https:\/\/www.lakecomogreenlands.com\/wp-content\/uploads\/2018\/07\/Logo-LARIOFIERE-COMO-LECCO-Blu.png","contentUrl":"https:\/\/www.lakecomogreenlands.com\/wp-content\/uploads\/2018\/07\/Logo-LARIOFIERE-COMO-LECCO-Blu.png","width":200,"height":59,"caption":"Lariofiere"},"image":{"@id":"https:\/\/www.lakecomogreenlands.com\/fr\/#\/schema\/logo\/image\/"},"sameAs":["https:\/\/www.facebook.com\/Lake-Como-Expo-Green-Lands-1229961333680893\/?fref=ts","https:\/\/www.instagram.com\/lakecomogreenland\/"]}]}},"_links":{"self":[{"href":"https:\/\/www.lakecomogreenlands.com\/fr\/wp-json\/wp\/v2\/pages\/225"}],"collection":[{"href":"https:\/\/www.lakecomogreenlands.com\/fr\/wp-json\/wp\/v2\/pages"}],"about":[{"href":"https:\/\/www.lakecomogreenlands.com\/fr\/wp-json\/wp\/v2\/types\/page"}],"author":[{"embeddable":true,"href":"https:\/\/www.lakecomogreenlands.com\/fr\/wp-json\/wp\/v2\/users\/1"}],"replies":[{"embeddable":true,"href":"https:\/\/www.lakecomogreenlands.com\/fr\/wp-json\/wp\/v2\/comments?post=225"}],"version-history":[{"count":4,"href":"https:\/\/www.lakecomogreenlands.com\/fr\/wp-json\/wp\/v2\/pages\/225\/revisions"}],"predecessor-version":[{"id":2129,"href":"https:\/\/www.lakecomogreenlands.com\/fr\/wp-json\/wp\/v2\/pages\/225\/revisions\/2129"}],"wp:attachment":[{"href":"https:\/\/www.lakecomogreenlands.com\/fr\/wp-json\/wp\/v2\/media?parent=225"}],"curies":[{"name":"wp","href":"https:\/\/api.w.org\/{rel}","templated":true}]}}